{"id":307,"date":"2017-09-11T15:52:14","date_gmt":"2017-09-11T13:52:14","guid":{"rendered":"http:\/\/sninephro.fr\/?page_id=307"},"modified":"2017-11-11T21:49:17","modified_gmt":"2017-11-11T20:49:17","slug":"responsabilite-civile-professionnelle","status":"publish","type":"page","link":"https:\/\/sninephro.fr\/index.php\/internat\/responsabilite-civile-professionnelle\/","title":{"rendered":"Responsabilit\u00e9 civile professionnelle"},"content":{"rendered":"<p><b>Responsabilit\u00e9 Civile Professionnelle pour les internes : Mode d\u2019emploi<\/b><\/p>\n<p>&nbsp;<\/p>\n<p><b>Qu\u2019est ce que la RCP ? <\/b><\/p>\n<p><span style=\"font-weight: 400;\">Le contrat d\u2019assurance de responsabilit\u00e9 professionnelle vise \u00e0 garantir un professionnel contre les risques repr\u00e9sent\u00e9s par l\u2019exercice de sa profession.<\/span><\/p>\n<p>&nbsp;<\/p>\n<p><b>La RCP est-elle obligatoire pour les internes en m\u00e9decine? \u00a0<\/b><\/p>\n<p><b>Oui<\/b><span style=\"font-weight: 400;\"> si vous effectuez des remplacements en lib\u00e9ral (loi du 4 mars 2002) <\/span><\/p>\n<p><b>Non <\/b><span style=\"font-weight: 400;\">si vous n\u2019effectuez pas de remplacements car l\u2019interne est couvert par la responsabilit\u00e9 administrative de l\u2019h\u00f4pital dans la majorit\u00e9 des cas (\u201cl\u2019interne agit par d\u00e9l\u00e9gation et sous la responsabilit\u00e9 du praticien dont il rel\u00e8ve\u201d). \u00a0<\/span><\/p>\n<p><b>MAIS<\/b><\/p>\n<p><span style=\"font-weight: 400;\">Dans certains cas, la responsabilit\u00e9 administrative de l\u2019h\u00f4pital ne peut \u00eatre utilis\u00e9e pour la protection de l\u2019interne.<\/span><\/p>\n<ul>\n<li style=\"font-weight: 400;\"><b>dans le cadre d\u2019une action p\u00e9nale<\/b><span style=\"font-weight: 400;\"> (violation du secret m\u00e9dical par exemple) : \u00a0la d\u00e9fense de l\u2019interne est organis\u00e9e par ses propres soins. Les frais d\u2019avocat et autres cons\u00e9quences financi\u00e8res li\u00e9es au conflit seront donc \u00e0 sa charge. C\u2019est la protection juridique qui est en g\u00e9n\u00e9ral propos\u00e9e par les assureurs de fa\u00e7on annexe \u00e0 la RCP. <\/span><\/li>\n<li style=\"font-weight: 400;\"><b>en cas de \u201cfaute d\u00e9tachable du service\u201d<\/b><span style=\"font-weight: 400;\">, c\u2019est-\u00e0-dire lorsque la faute commise est d\u2019une gravit\u00e9 exceptionnelle, l\u2019interne doit r\u00e9pondre de ses actes et assumer seul les cons\u00e9quences juridiques et financi\u00e8res.<\/span><\/li>\n<li style=\"font-weight: 400;\"><b>mise en cause pour des faits externes \u00e0 son activit\u00e9 principale <\/b><span style=\"font-weight: 400;\">comme lors de soins prodigu\u00e9s en cas d\u2019urgence, \u00e0 l\u2019occasion d\u2019un stage dans un \u00e9tablissement priv\u00e9 ou chez un praticien lib\u00e9ral.<\/span><\/li>\n<\/ul>\n<p>&nbsp;<\/p>\n<p><b>En pratique <\/b><\/p>\n<p><span style=\"font-weight: 400;\">Non obligatoire mais vivement recommand\u00e9\u00a0<\/span><\/p>\n<p>&nbsp;<\/p>\n<p><b>Assureurs qui proposent la RCP pour les internes : <\/b><\/p>\n<p><a href=\"http:\/\/mutuelle-chirurgien-dentiste.fr\/adhesion-en-ligne-rcpro\/index\/idStatut\/2#onglet-2\"><b>AMPLI Mutuelle : <\/b><\/a><\/p>\n<p><span style=\"font-weight: 400;\">Gratuit en l\u2019absence de remplacements. <\/span><\/p>\n<p><a href=\"https:\/\/www.gmf.fr\/etudes-activites-professionnelles\/etudes\/assurance-etudiants-internes-medecine\"><b>GMF<\/b><\/a><b> :<\/b><\/p>\n<p><span style=\"font-weight: 400;\">A partir de 27 euros\/an. <\/span><\/p>\n<p><a href=\"https:\/\/souscription.gpm.fr\"><b>Groupe Pasteur Mutualit\u00e9 : <\/b><\/a><\/p>\n<p><span style=\"font-weight: 400;\">Gratuit en l\u2019absence de remplacements. <\/span><\/p>\n<p><span style=\"font-weight: 400;\">Gratuit si remplacements d\u2019un interne non th\u00e9s\u00e9<\/span><\/p>\n<p><a href=\"https:\/\/www.espacemembre.macsf.fr\/devis\/RCP\"><b>MACSF <\/b><\/a><b>:<\/b><\/p>\n<p><span style=\"font-weight: 400;\">A partir de 10 euros\/an \u00a0<\/span><\/p>\n<p><span style=\"font-weight: 400;\">Sur devis si remplacements. Prix en fonction des sp\u00e9cialit\u00e9s. \u00a0<\/span><\/p>\n<p><a href=\"https:\/\/www.lamedicale.fr\/carte-medicale-plus.aspx\"><b>La M\u00e9dicale<\/b><\/a><b> : <\/b><\/p>\n<p><span style=\"font-weight: 400;\">Gratuit.<\/span><\/p>\n","protected":false},"excerpt":{"rendered":"<p>Responsabilit\u00e9 Civile Professionnelle pour les internes : Mode d\u2019emploi &nbsp; Qu\u2019est ce que la RCP ? Le contrat d\u2019assurance de responsabilit\u00e9 professionnelle vise \u00e0 garantir un professionnel contre les risques repr\u00e9sent\u00e9s par l\u2019exercice de&#46;&#46;&#46;<\/p>\n","protected":false},"author":1,"featured_media":0,"parent":50,"menu_order":3,"comment_status":"closed","ping_status":"closed","template":"","meta":[],"_links":{"self":[{"href":"https:\/\/sninephro.fr\/index.php\/wp-json\/wp\/v2\/pages\/307"}],"collection":[{"href":"https:\/\/sninephro.fr\/index.php\/wp-json\/wp\/v2\/pages"}],"about":[{"href":"https:\/\/sninephro.fr\/index.php\/wp-json\/wp\/v2\/types\/page"}],"author":[{"embeddable":true,"href":"https:\/\/sninephro.fr\/index.php\/wp-json\/wp\/v2\/users\/1"}],"replies":[{"embeddable":true,"href":"https:\/\/sninephro.fr\/index.php\/wp-json\/wp\/v2\/comments?post=307"}],"version-history":[{"count":1,"href":"https:\/\/sninephro.fr\/index.php\/wp-json\/wp\/v2\/pages\/307\/revisions"}],"predecessor-version":[{"id":308,"href":"https:\/\/sninephro.fr\/index.php\/wp-json\/wp\/v2\/pages\/307\/revisions\/308"}],"up":[{"embeddable":true,"href":"https:\/\/sninephro.fr\/index.php\/wp-json\/wp\/v2\/pages\/50"}],"wp:attachment":[{"href":"https:\/\/sninephro.fr\/index.php\/wp-json\/wp\/v2\/media?parent=307"}],"curies":[{"name":"wp","href":"https:\/\/api.w.org\/{rel}","templated":true}]}}